{"id":32,"date":"2024-06-19T18:55:39","date_gmt":"2024-06-19T18:55:39","guid":{"rendered":"https:\/\/eltam.net\/?page_id=32"},"modified":"2024-06-20T10:58:23","modified_gmt":"2024-06-20T10:58:23","slug":"hakkimizda","status":"publish","type":"page","link":"https:\/\/eltam.net\/index.php\/hakkimizda\/","title":{"rendered":"Hakk\u0131m\u0131zda"},"content":{"rendered":"\n<p>Eltam (Elzem Tasavvuf Ara\u015ft\u0131rmalar\u0131 Merkezi), ara\u015ft\u0131rmalar\u0131nda Kadiri ve Rufai Tarikatlar\u0131n\u0131 Merkeze alan tasavvufi gelenekleri ve tasavvufi \u00f6\u011fretilerin g\u00fcn y\u00fcz\u00fcne \u00e7\u0131kmas\u0131n\u0131 ama\u00e7layan bir gurup akademisyen ve ilim adam\u0131 taraf\u0131ndan 2010 y\u0131l\u0131nda kuruldu. Amac\u0131m\u0131z, geleneksel tasavvuf \u00f6\u011fretilerini modern d\u00fcnyaya ta\u015f\u0131mak ve insanlar\u0131n i\u00e7sel yolculuklar\u0131nda rehberlik etmektir.<\/p>\n\n\n\n<h3 class=\"wp-block-heading\"><strong>Misyonumuz<\/strong><\/h3>\n\n\n\n<ul class=\"wp-block-list\">\n<li><strong>\u0130rfan ve Marifet Yolu:<\/strong>\u00a0\u0130slam\u2019\u0131n tasavvufi boyutunu ehl-i s\u00fcnnet dairesinde anlamak ve ya\u015famak i\u00e7in \u00f6\u011frencilere irfan ve marifet yoluyla rehberlik ediyoruz.<\/li>\n\n\n\n<li><strong>Tasavvuf E\u011fitimi:<\/strong>\u00a0Kadiri ve Rufai gelene\u011finin \u00f6z\u00fcnden gelen tasavvuf e\u011fitimleri sunuyoruz.<\/li>\n\n\n\n<li><strong>Topluluk ve Dayan\u0131\u015fma:<\/strong>\u00a0\u0130nsanlar aras\u0131nda sevgi, ho\u015fg\u00f6r\u00fc ve dayan\u0131\u015fma k\u00f6pr\u00fcleri kuruyoruz.<\/li>\n<\/ul>\n\n\n\n<h3 class=\"wp-block-heading\"><strong>Vizyonumuz<\/strong><\/h3>\n\n\n\n<ul class=\"wp-block-list\">\n<li><strong>Manevi Derinlik:<\/strong>\u00a0\u0130\u00e7sel huzur ve manevi derinlik aray\u0131\u015f\u0131nda olan herkes i\u00e7in bir liman olmak istiyoruz.<\/li>\n\n\n\n<li><strong>\u0130lmi Derinlik:<\/strong> Tasavvufi konularda e\u011fitimler vermek ve ilmi faaliyetler yapmak istiyoruz.<\/li>\n<\/ul>\n","protected":false},"excerpt":{"rendered":"<p>Eltam (Elzem Tasavvuf Ara\u015ft\u0131rmalar\u0131 Merkezi), ara\u015ft\u0131rmalar\u0131nda Kadiri ve Rufai Tarikatlar\u0131n\u0131 Merkeze alan tasavvufi gelenekleri ve tasavvufi \u00f6\u011fretilerin g\u00fcn y\u00fcz\u00fcne \u00e7\u0131kmas\u0131n\u0131 ama\u00e7layan bir gurup akademisyen ve ilim adam\u0131 taraf\u0131ndan 2010 y\u0131l\u0131nda kuruldu. Amac\u0131m\u0131z, geleneksel tasavvuf \u00f6\u011fretilerini modern d\u00fcnyaya ta\u015f\u0131mak ve insanlar\u0131n i\u00e7sel yolculuklar\u0131nda rehberlik etmektir. Misyonumuz Vizyonumuz<\/p>\n","protected":false},"author":1,"featured_media":0,"parent":0,"menu_order":0,"comment_status":"closed","ping_status":"closed","template":"","meta":{"footnotes":""},"class_list":["post-32","page","type-page","status-publish","hentry"],"_links":{"self":[{"href":"https:\/\/eltam.net\/index.php\/wp-json\/wp\/v2\/pages\/32","targetHints":{"allow":["GET"]}}],"collection":[{"href":"https:\/\/eltam.net\/index.php\/wp-json\/wp\/v2\/pages"}],"about":[{"href":"https:\/\/eltam.net\/index.php\/wp-json\/wp\/v2\/types\/page"}],"author":[{"embeddable":true,"href":"https:\/\/eltam.net\/index.php\/wp-json\/wp\/v2\/users\/1"}],"replies":[{"embeddable":true,"href":"https:\/\/eltam.net\/index.php\/wp-json\/wp\/v2\/comments?post=32"}],"version-history":[{"count":3,"href":"https:\/\/eltam.net\/index.php\/wp-json\/wp\/v2\/pages\/32\/revisions"}],"predecessor-version":[{"id":83,"href":"https:\/\/eltam.net\/index.php\/wp-json\/wp\/v2\/pages\/32\/revisions\/83"}],"wp:attachment":[{"href":"https:\/\/eltam.net\/index.php\/wp-json\/wp\/v2\/media?parent=32"}],"curies":[{"name":"wp","href":"https:\/\/api.w.org\/{rel}","templated":true}]}}